{"version":"1.0","provider_name":"Die Furbacher","provider_url":"https:\/\/forbach-histoire.fr\/57","author_name":"Webmaster","author_url":"https:\/\/forbach-histoire.fr\/57\/author\/admin\/","title":"27 juin 2019 : Premi\u00e8re r\u00e9ussie pour TRACES - Die Furbacher","type":"rich","width":600,"height":338,"html":"<blockquote class=\"wp-embedded-content\" data-secret=\"Pge2qVmj0C\"><a href=\"https:\/\/forbach-histoire.fr\/57\/premiere-reussie-pour-traces\/\">27 juin 2019 : Premi\u00e8re r\u00e9ussie pour TRACES<\/a><\/blockquote><iframe sandbox=\"allow-scripts\" security=\"restricted\" src=\"https:\/\/forbach-histoire.fr\/57\/premiere-reussie-pour-traces\/embed\/#?secret=Pge2qVmj0C\" width=\"600\" height=\"338\" title=\"\u00ab\u00a027 juin 2019 : Premi\u00e8re r\u00e9ussie pour TRACES\u00a0\u00bb &#8212; Die Furbacher\" data-secret=\"Pge2qVmj0C\" frameborder=\"0\" marginwidth=\"0\" marginheight=\"0\" scrolling=\"no\" class=\"wp-embedded-content\"><\/iframe><script type=\"text\/javascript\">\n\/* <![CDATA[ *\/\n\/*! This file is auto-generated *\/\n!function(d,l){\"use strict\";l.querySelector&&d.addEventListener&&\"undefined\"!=typeof URL&&(d.wp=d.wp||{},d.wp.receiveEmbedMessage||(d.wp.receiveEmbedMessage=function(e){var t=e.data;if((t||t.secret||t.message||t.value)&&!\/[^a-zA-Z0-9]\/.test(t.secret)){for(var s,r,n,a=l.querySelectorAll('iframe[data-secret=\"'+t.secret+'\"]'),o=l.querySelectorAll('blockquote[data-secret=\"'+t.secret+'\"]'),c=new RegExp(\"^https?:$\",\"i\"),i=0;i<o.length;i++)o[i].style.display=\"none\";for(i=0;i<a.length;i++)s=a[i],e.source===s.contentWindow&&(s.removeAttribute(\"style\"),\"height\"===t.message?(1e3<(r=parseInt(t.value,10))?r=1e3:~~r<200&&(r=200),s.height=r):\"link\"===t.message&&(r=new URL(s.getAttribute(\"src\")),n=new URL(t.value),c.test(n.protocol))&&n.host===r.host&&l.activeElement===s&&(d.top.location.href=t.value))}},d.addEventListener(\"message\",d.wp.receiveEmbedMessage,!1),l.addEventListener(\"DOMContentLoaded\",function(){for(var e,t,s=l.querySelectorAll(\"iframe.wp-embedded-content\"),r=0;r<s.length;r++)(t=(e=s[r]).getAttribute(\"data-secret\"))||(t=Math.random().toString(36).substring(2,12),e.src+=\"#?secret=\"+t,e.setAttribute(\"data-secret\",t)),e.contentWindow.postMessage({message:\"ready\",secret:t},\"*\")},!1)))}(window,document);\n\/\/# sourceURL=https:\/\/forbach-histoire.fr\/57\/wp-includes\/js\/wp-embed.min.js\n\/* ]]> *\/\n<\/script>\n","thumbnail_url":"https:\/\/forbach-histoire.fr\/57\/wp-content\/uploads\/2019\/07\/DSC_0374-1024x683.jpg","thumbnail_width":1024,"thumbnail_height":683,"description":"Initi\u00e9 par le Cercle d\u2019Histoire de Forbach, et men\u00e9 en collaboration avec l\u2019Inspection de l\u2019Education Nationale et diverses \u00e9coles de Forbach, le projet \u00ab&nbsp;TRACES&nbsp;\u00bb vient de donner lieu \u00e0 la pr\u00e9sentation des diverses initiatives. Ont particip\u00e9 au projet qui visait \u00e0 faire travailler les \u00e9l\u00e8ves de CM2 sur les traces du pass\u00e9 dans la ville [&hellip;]"}